{"id":635,"date":"2016-03-17T10:33:15","date_gmt":"2016-03-17T09:33:15","guid":{"rendered":"http:\/\/staritrgobkolpi.splet.arnes.si\/?page_id=635"},"modified":"2017-09-07T19:35:30","modified_gmt":"2017-09-07T17:35:30","slug":"dogodki-v-vrtcu","status":"publish","type":"page","link":"https:\/\/staritrgobkolpi.splet.arnes.si\/?page_id=635","title":{"rendered":"Dogodki v vrtcu"},"content":{"rendered":"<div>\n<div>\n<h4><strong><strong>ZAKLJU\u010cEK \u00a0VRT\u010cEVSKEGA \u00a0LETA \u00a0<\/strong><\/strong><\/h4>\n<p>Leto\u0161nje vrt\u010devsko leto se izteka v po\u010ditnice. V vzgojno varstveni enoti Stari trg ob Kolpi smo ga zaklju\u010dili skupaj otroci, star\u0161i, starimi star\u0161i\u00a0in vzgojiteljicami, v prijetnih skupnih uricah, na igri\u0161\u010du v Predgradu. Podelili smo mape izdelkov, ki so jih otroci ustvarili tekom leta ter\u00a0priznanja in pohvale, za redno in vztrajno umivanje zob in branje knjig. Nagovorila nas je ravnateljica, Mojca Butala, ki je med drugim izrazila zadovoljstvo nad lepim in uspe\u0161nim medgeneracijskim sodelovanjem v vrtcu skozi vse leto.<\/p>\n<p>Potem pa smo\u00a0se sladkali\u00a0s pecivi, ki so nastala\u00a0izpod rok pridnih mamic, se\u00a0najedli slastnih\u00a0dobrot iz \u017eara in &#8220;pomfrij\u010dka&#8221; \u00a0ter se igrali na travnatem igri\u0161\u010du.<\/p>\n<p>Son\u010dno, toplo vreme in prekrasno okolje ob leseni brunarici, ki so nam jo prijazno odstopili Predgrajci, so nam omogo\u010dili prijetno dru\u017eenje.<\/p>\n<p>Ko je sonce zgubljalo mo\u010d in se potopilo za obzorjem, smo delavke spoznale, da je za nami \u0161e eno leto dobrega sodelovanja s star\u0161i, medsebojnega zaupanja in novih navdihov, ki so nam\u00a0 jih zapustili otroci.<\/p>\n<p>Vsem otrokom, ki letos zapu\u0161\u010dajo na\u0161 vrtec, \u017eelimo vse dobro v novem obdobju odra\u0161\u010danja. Vsem ostalim, ki\u00a0 ostajajo\u00a0 ali \u00a0bodo vstopili prvi\u010d v na\u0161 vrtec, pa: \u00bbSe vidimo v jeseni, pripravljeni na novi \u00bbkrog\u00ab zaupanja, spo\u0161tovanja in radosti.\u00ab<\/p>\n<p>Preden smo se raz\u0161li smo si za\u017eeleli ravno prav dolge, vesele, zabavne, spro\u0161\u010dene in\u00a0razgibane po\u010ditnice, skupaj z dru\u017eino in prijatelji.\u200b<\/p>\n<\/div>\n<\/div>\n<div><\/div>\n<div>\u00a0ngg_shortcode_0_placeholder<\/div>\n<div><\/div>\n<div>\n<div><\/div>\n<div><\/div>\n<div><\/div>\n<div><\/div>\n<h4><strong>IZLET V RADENCE OB KOLPI<\/strong><\/h4>\n<div><\/div>\n<div>\n<p>Cofki in Gumbki, skupini otrok iz vrtca Stari trg ob Kolpi, so dan pre\u017eiveli na doma\u010diji Njivenski, v Radencih ob Kolpi.<\/p>\n<div>Bilo je pestro, spro\u0161\u010deno\u00a0in zanimivo: otroci so jezdili ponija, spoznali prijazne alpake, jih hranili z jabolki, se sprehodili po pe\u0161poti do starega mlina, kjer so si zmo\u010dili &#8220;ta\u010dke&#8221; in nabrali prodnike. Potem, ko so se od\u017eejali z bezgovim sokom, so od\u0161li na igrala in razigrano po\u010dakali na odhod v vrtec.<\/div>\n<div><\/div>\n<\/div>\n<div>ngg_shortcode_1_placeholder<\/div>\n<\/div>\n<div>\n<div><\/div>\n<p>&nbsp;<\/p>\n<div>\n<div>\n<h4>KDO JE NARAVIL VIDKU SRAJ\u010cICO<\/h4>\n<div><\/div>\n<div>V petek, 21.4.2017, so otroci vrtca in folklorne skupine Stari trg ob Kolpi nastopili na dobrodelni prireditvi &#8220;Stopimo skupaj za razvojni oddelek belokranjskih otrok&#8221;.<\/div>\n<div>Na\u0161i otroci so zaigrali igro po knjigi Frana Levstika: &#8220;Kdo je napravil Vidku sraj\u010dico&#8221;. Med zanimivimi dialogi, ki jih je imel Videk z \u017eivalmi, katere so se trudile se\u0161iti mu novo sraj\u010dico ter\u00a0med njegovo mamo in\u00a0bratci in sestricami,\u00a0so otroci folklorne skupine peli in plesali ljudske poljanske pesmi in plese.Otroci stari od 3 do 10 let so se na odru izkazali in pokazali, da znajo stopiti skupaj.<\/div>\nngg_shortcode_2_placeholder\n<\/div>\n<p>&nbsp;<\/p>\n<div>\n<h4><strong>SPOMLADANSKI DELI V VRTCU<\/strong><\/h4>\n<div><\/div>\n<div>S pomladjo smo za\u010deli v na\u0161em vrtcu tudi s spomladanskimi deli v vrtu. Eno visoko gredo je bilo potrebno napolniti do vrha z zemljo in kompostom ter jo pripraviti za zasaditev in sejanje zelenjave; \u00a0drugo, kjer so posajene di\u0161avnice in zeli\u0161\u010da, pa smo okopali in uredili. Pridne roke so rahljale zemljo in zalivale. U\u017eivali smo na son\u010dku, vohali liste rastlin, tipali liste in spoznavali imena rastlin. Na na\u0161i zeli\u0161\u010dni gredici \u017ee rastejo: hermelika, \u010dema\u017e, meta, melisa, pegasti badelj, medtem ko bomo posejali \u0161e ognji\u010d in klin\u010dke. V zelenjavno gredo pa na\u010drtujemo posejati solato ter posaditi sadike paradi\u017enika, paprike in peter\u0161ilja. Ob gredah rasteta bezeg in figa, ki v poletni vro\u010dini dajeta nekaj sence rastlinam. Plodove vrta bomo uporabili za krepitev zdravja in po\u010dutja.<\/div>\n<\/div>\n<\/div>\n<\/div>\n<div><\/div>\n<div>ngg_shortcode_3_placeholder<\/div>\n<div><\/div>\n<div><\/div>\n<div>\n<div>\n<div>\n<div><\/div>\n<h4><strong>POZDRAV POMLADI<\/strong><\/h4>\n<div><\/div>\n<div><\/div>\n<div>V na\u0161em vrtcu smo za\u010detek marca izkoristili za dalj\u0161e sprehode v naravo. Zunaj je bilo prijetno toplo, suho in son\u010dno vreme, ki nam je nudilo idealne razmere za gibanje na prostem. Okolje, v katerem stoji na\u0161 vrtec je obkro\u017eeno s pre\u010dudovito, neokrnjeno naravo, v kateri smo na na\u0161ih pohodih, odkrivali sledove \u017eivljenja na\u0161ih prednikov. Videli\u00a0smo kale in vodne zbiralnike, kamor so hodili na\u0161i prastar\u0161i prati perilo in \u017eivino napajat; videli smo poru\u0161ene zidove zidanic, ob katerih se je v\u010dasih bohotila vinska trta in so ljudje pridelovali vino. Hodili smo po\u00a0pora\u0161\u010denih parcelah, ki so bile v\u010dasih pa\u0161niki, kjer je pasla \u017eivina.Ob tem smo opazovali tudi prebujajo\u010do se naravo: rastline, ki so se pognale iz zemlje ter sledove \u017eivali. Otroci so hodili, se igrali in tekli po travnikih, opazovali, poskusili cvetove trobentic, poslu\u0161ali pripovedovanje spremljevalk, se \u010dudili in radovedno spra\u0161evali. V vrtec smo prihajali prijetno utrujeni, vendar veseli in zadovoljni ter polni tople pomladne energije.<\/div>\n<div>Da je gibanje klju\u010dnega pomena za otrokov gibalni in funkcionalni razvoj se v na\u0161em vrtcu zavedamo v vseh letnih \u010dasih. Z razli\u010dnimi oblikami gibanja v samem oddelku, v \u0161olski telovadnici, na otro\u0161kem igri\u0161\u010du in na sprehodih v okolico, vplivamo na otrokove spoznavne, socialne in \u010dustvene sposobnosti in lastnosti. Naloga vseh odraslih je, v vrtcu in doma, da \u017ee v zgodnjem otro\u0161tvu ustvarjamo pozitiven odnos do gibalnih dejavnosti in omogo\u010damo otroku \u010dimve\u010d gibanja v prostoru ali na prostem. Otrok bo tako veliko la\u017eje zgradil zaupanje vase, ki je klju\u010dnega pomena pri doseganju ciljev v \u017eivljenju.<\/div>\nngg_shortcode_4_placeholder\n<p>&nbsp;<\/p>\n<h4><strong>OBELE\u017dENJE KULTURNEGA PRAZNIKA<\/strong><\/h4>\n<p><span style=\"color: #000000;font-size: medium\">Skupina Gumbkov in Cofkov iz vzgojno-varstvene enote Stari trg ob Kolpi smo danes 7. 2. 2017 obele\u017eili prihajajo\u010di slovenski kulturni praznik. Ob literaturi, ki se nana\u0161a na dr. Franceta Pre\u0161erna smo se seznanili z njegovim \u017eivljenjem in delom. Ob deklamaciji &#8220;Pesnik,&#8221; avtorice Zvezdane Majhen, smo se pobli\u017eje seznanili tudi s tem kar pesnik po\u010dne. Na kulturno obarvano temo smo likovno ustvarjali portret dr. Franceta Pre\u0161erna, na \u017ee za\u010drtanih linijah. Da bi pa otroci ponesli del dana\u0161njega kulturnega vzdu\u0161ja tudi domov, smo jim zastavili slede\u010de vpra\u0161anje: &#8220;Zakaj so otroci klicali dr. Franceta Pre\u0161erna<i> doktor Fig?&#8221;<\/i><\/span><\/p>\n<p><a href=\"http:\/\/staritrgobkolpi.splet.arnes.si\/files\/2016\/03\/DSC_0047.jpg\"><img loading=\"lazy\" decoding=\"async\" class=\"alignnone size-medium wp-image-1597\" src=\"http:\/\/staritrgobkolpi.splet.arnes.si\/files\/2016\/03\/DSC_0047-300x201.jpg\" alt=\"DSC_0047\" width=\"300\" height=\"201\" srcset=\"https:\/\/staritrgobkolpi.splet.arnes.si\/files\/2016\/03\/DSC_0047-300x201.jpg 300w, https:\/\/staritrgobkolpi.splet.arnes.si\/files\/2016\/03\/DSC_0047-800x536.jpg 800w, https:\/\/staritrgobkolpi.splet.arnes.si\/files\/2016\/03\/DSC_0047-82x55.jpg 82w\" sizes=\"auto, (max-width: 300px) 100vw, 300px\" \/><\/a><a href=\"http:\/\/staritrgobkolpi.splet.arnes.si\/files\/2016\/03\/DSC_0042.jpg\"><img loading=\"lazy\" decoding=\"async\" class=\"alignnone size-medium wp-image-1598\" src=\"http:\/\/staritrgobkolpi.splet.arnes.si\/files\/2016\/03\/DSC_0042-300x201.jpg\" alt=\"DSC_0042\" width=\"300\" height=\"201\" srcset=\"https:\/\/staritrgobkolpi.splet.arnes.si\/files\/2016\/03\/DSC_0042-300x201.jpg 300w, https:\/\/staritrgobkolpi.splet.arnes.si\/files\/2016\/03\/DSC_0042-800x536.jpg 800w, https:\/\/staritrgobkolpi.splet.arnes.si\/files\/2016\/03\/DSC_0042-82x55.jpg 82w\" sizes=\"auto, (max-width: 300px) 100vw, 300px\" \/><\/a><a href=\"http:\/\/staritrgobkolpi.splet.arnes.si\/files\/2016\/03\/DSC_0050.jpg\"><img loading=\"lazy\" decoding=\"async\" class=\"alignnone size-medium wp-image-1599\" src=\"http:\/\/staritrgobkolpi.splet.arnes.si\/files\/2016\/03\/DSC_0050-300x201.jpg\" alt=\"DSC_0050\" width=\"300\" height=\"201\" srcset=\"https:\/\/staritrgobkolpi.splet.arnes.si\/files\/2016\/03\/DSC_0050-300x201.jpg 300w, https:\/\/staritrgobkolpi.splet.arnes.si\/files\/2016\/03\/DSC_0050-800x536.jpg 800w, https:\/\/staritrgobkolpi.splet.arnes.si\/files\/2016\/03\/DSC_0050-82x55.jpg 82w\" sizes=\"auto, (max-width: 300px) 100vw, 300px\" \/><\/a><\/p>\n<p>&nbsp;<\/p>\n<p><b><span style=\"color: #000000;font-size: medium\">VESELI DECEMBER\u00a0<\/span><\/b><\/p>\n<p><span style=\"color: #000000;font-size: medium\">Veseli december nam je prinesel veliko toplih, radostnih, di\u0161e\u010dih\u00a0in sladkih do\u017eivetij v okviru naslednjih delavnic: izdelovanje okraskov in kra\u0161enje prostorov vrtca in jelke, peka pi\u0161kotov, izdelava vo\u0161\u010dilnic, pohod z lu\u010dkami, novoletna prireditev in nastop, obdarovanje Bo\u017ei\u010dka, slavnostno kosilo in rajanje. Na delavnice in pohod smo povabili tudi star\u0161e. Otroci, delavke in star\u0161i smo se po\u010dutili tako kot, da bi se \u010das nekoliko ustavil oz. za\u010del te\u010di bolj po\u010dasi. Bili smo brezskrbni, veseli in razigrani, kar se nam je zdelo najve\u010dje in najpomembnej\u0161e darilo, ki smo ga lahko otrokom dali. Ves \u010das smo se pripravljali tudi na pevski nastop, katerega smo\u00a0 izvedli na prireditvi ob dnevu samostojnosti in enotnosti in prihodu Bo\u017ei\u010dka.<\/span><\/p>\nngg_shortcode_5_placeholder\n<p><b><span style=\"color: #000000;font-size: medium\">KOSTANJEV PIKNIK<\/span><\/b><\/p>\n<p><span style=\"font-size: medium\"><span style=\"color: #000000\">V oktobru <\/span><span style=\"color: #000000\">nam je vreme \u0161e kar naprej bilo naklonjeno; sijalo je sonce in bilo je toplo. Zbrali smo kostanj in v ponedeljek, 17.10.16,\u00a0organizirali jesenski piknik za star\u0161e in druge sorodnike, otroke, sodelavce. V bli\u017enjem Predgradu, za kulturnim domom so nam doma\u010dini nudili prostor z igri\u0161\u010dem ter mize in klopi, tako nismo imeli te\u017eav pri izvedbi dogodka. Na\u0161 hi\u0161nik je pekel kostanj, star\u0161i so prinesli doma\u010de dobrote in sokove, delavke vrtca so skupaj z otroci pripravile program in piknik je bil popoln. Igra, dru\u017eenje in veselje na obrazih otrok je tudi nas odrasle sprostilo in \u00bbodtrgalo\u00ab od vsakdanjih skrbi.<\/span><\/span><\/p>\nngg_shortcode_6_placeholder\n<p><span style=\"color: #000000;font-family: Calibri;font-size: medium\"><strong>TRADICIONALNI SLOVENSKI ZAJTRK<\/strong><\/span><\/p>\n<p><span style=\"color: #000000;font-family: Calibri;font-size: medium\">V tednu, ki je za nami, smo veliko dejavnosti posvetili \u010debelam in njihovemu proizvodu \u2013 medu.<\/span><\/p>\n<p><span style=\"font-family: Calibri\"><span style=\"font-size: medium\"><span style=\"color: #000000\">\u00a0V \u010detrtek, 17.11.16, pa nas je obiskal tudi \u010disto pravi \u010debelar, Jurij Ma\u0161i\u010d, iz Sodevc. Pripovedoval nam je o tem, kako skrbi za \u010debele in njihov zarod, da bi lahko nabrale veliko cvetnega prahu, iz katerega proizvedejo med, ki nam je vsem tako zelo dober in vsebuje zdravilne snovi. Jure je s seboj prinesel tudi pripomo\u010dke, s katerimi si pomaga pri delu v \u010debelnjaku: klobuk z za\u0161\u010ditno mre\u017eico, satnico, kadilo,\u00a0panj in vosek. Ogledali in poizku\u0161ali pa smo lahko tudi \u010debelje proizvode: med, propolis, cvetni prah. Jure je bil enako kot mi, vesel, da se je lahko dru\u017eil z nami in nam predal nekatera znanja in izku\u0161nje.<\/span><\/span><\/span><\/p>\n<p><span style=\"color: #000000;font-family: Calibri;font-size: medium\">V petek, 18.11. pa smo jedli pravi slovenski zajtrk in tako bili del vseslovenskega projekta Tradicionalni slovenski zajtrk, v okviru katerega vse slovenske \u0161ole in vrtci ta dan ponudijo polnozrnat kruh, med, maslo, kruh in jabolka. Vsa hrana je slovenskega izvora, iz bli\u017enjih doma\u010dih kmetij. Zajtrk je bil zares okusen in ta pravi.<\/span><\/p>\nngg_shortcode_7_placeholder\n<p><strong>OBISK KMETIJE KONDA<\/strong><\/p>\n<p>V sredo, 12.10.16, smo obiskali ekolo\u0161ko kmetijo Konda. Skupaj z nami je bila prijazna gospodinja Helena, s katero smo skupaj mleli \u017eito in zamesili testo. Iz testa je vsak otrok oblikoval svojo \u0161tru\u010dko. Medtem, ko se je kruh pekel, smo od\u0161li pogledat \u017eivali in ostalo kmetijo. Sre\u010dali smo se z ovcami, kravami, konji, pra\u0161i\u010di, psom in ma\u010dkami. Najve\u010d smo videli ovc, katerim vsak dan molzejo mleko, da bi iz njega proizvedli sire, skuto in jogurte. Iz turobnega bolj obla\u010dnega zgodnjega jutra, se je zbudil \u010dudovit son\u010den dan, tako, da se je vas, kjer le\u017ei kmetija Konda, pokazala v najlep\u0161i mo\u017eni podobi \u2013 Dol: umirjena vasica, ujeta med Dolski potok in reko Kolpo, v vzno\u017eju najvi\u0161jega hriba Poljanske doline, Kozic. Po ogledu kmetije smo se sprehodili pozdraviti \u0161e eno najlep\u0161ih in naj\u010distej\u0161ih rek \u2013 Kolpo. Preden smo se poslovili, smo poizku\u0161ali ov\u010dji sir in melisin sirup. Polni lepih vtisov in znanj s kmetije, smo od\u0161li nazaj v na\u0161 vrtec.<\/p>\n<p>&nbsp;<\/p>\n<p>&nbsp;<\/p>\n<p><strong>TEDEN OTROKA V VRTCU STARI TRG OB KOLPI, 3.10. \u2013 7.10.2016<\/strong><\/p>\n<p><span style=\"color: #008000\">3.<b>\u00a0<\/b>oktobra 2016, smo v na\u0161em vrtcu pri\u010deli z dejavnostmi ob Tednu otroka.<\/span><\/p>\n<p>Ponedeljek, je bil uvodni dan, v katerem smo se pogovarjali o dru\u017eini in vlogi otroka v njej. Da bi otroci pri\u0161li na svet, je potrebno veliko ljubezni, ki mora trajati ves \u010das otrokove rasti in razvoja. Ta dan smo se spomnili tudi otrokovih pravic in dol\u017enosti ter ga zaklju\u010dili z veselim rajanjem in igro.<\/p>\n<p>&nbsp;<\/p>\n<p><span style=\"color: #ff0000\">V torek, 4.10., nas je obiskal rokodelec in samouk g. Janko \u0160egina iz Zagozdaca. <\/span>Medtem ko je pred na\u0161imi o\u010dmi pletel ko\u0161aro, nam je pripovedoval:<\/p>\n<p><em>\u00bbKo sem bil jaz majhen, sem redno gnal \u017eivino na pa\u0161o. Tako kot zdaj, sem vedno imel s seboj no\u017ei\u010dek, s katerim sem najraje nekaj rezal, rezljal, izrezoval, samo da bi naredil kaj uporabnega\u2026<\/em><\/p>\n<p><em>Prvo canjico sem naredil, ko sem bil star 8 let; druga\u010de pa je mojster pletenja ko\u0161ar bil moj o\u010de, ki me je ro\u010dnih spretnosti tudi nau\u010dil.\u00ab<\/em><\/p>\n<p>Otroci so dr\u017eali in tipali narezane leskove trakove \u2013 vitrice \u2013 katere je g. Janko uporabil za prepletanje glavnih debelej\u0161ih vej, ki jih je predhodno zvil v ogrodje ko\u0161are. Otroci so poskusili prepletati vitrice in spoznali, da je to za njihove roke kar naporno in zahtevno opravilo. Janko \u0160egina izdeluje tudi leseno orodje in restavrira staro pohi\u0161tvo.<\/p>\n<p>&nbsp;<\/p>\n<p><span style=\"color: #0000ff\">Sredo, 5.10. smo posvetili jabolku. <\/span>Prebrali smo ljudsko pesem Jabolko in slikanico Marijana Sinkovi\u010da: Zgodba o jabolku ter si ogledali in posku\u0161ali razli\u010dne sorte jabolk, ki rastejo v na\u0161em okolju. Spoznali smo, da so zdravi le plodovi travni\u0161kih jablan, katere ne \u0161kropimo. Jabolka smo prepoznavali in posku\u0161ali v razli\u010dnih oblikah; kot jabol\u010dni sok, jabol\u010dne su\u0161ene krhlje in jabol\u010dni zavitek. Delavnico o jabolku smo namre\u010d zaklju\u010dili tako, da smo skupaj razvlekli vle\u010deno testo, nanj nalo\u017eili naribana jabolka, sladkor, vanilijo, cimet, maslo in smetano ter vse zvili v sladki jabol\u010dni \u0161trudelj, katerega je spekla na\u0161a kuharica v pe\u010dici.<\/p>\n<p>&nbsp;<\/p>\n<p><span style=\"color: #800080\">\u010cetrtek, 6.10. so v na\u0161i igralnici o\u017eivele pravljice in njihovi pravlji\u010dni junaki.\u00a0 <\/span>Spoznali smo razli\u010dne znane in manj znane pravljice, njihove zna\u010dilnosti in junake. V celoti smo prebrali pravljico Anje \u0160tefan: Jabolko in jo skupaj obnovili. Otroci so tudi sami vstopali v svet pravljic tako, da so jih uprizarjali z ro\u010dnimi in prstnimi lutkami ter se fotografirali na pravlji\u010dni kulisi.<\/p>\n<p>&nbsp;<\/p>\n<p><span style=\"color: #ff6600\">V petek, 7.10. nas je obiskal policist Tihomir Sim\u010di\u010d, iz Policijske postaje \u010crnomelj, <\/span>kateri se je z otroci pogovarjal o med\u010dlove\u0161kih odnosih, o tem kaj je prav in kaj narobe. Otroci so spoznavali kaj je to nasilje in \u010desa ne smejo dovoliti odraslim po\u010deti. S policistom so otroci od\u0161li tudi na sprehod, da bi ponovili pravila ustreznega obna\u0161anja na cesti, kjer se odvija promet.<\/p>\n<\/div>\n<div><\/div>\n<div><\/div>\n<div><\/div>\n<\/div>\nngg_shortcode_8_placeholder\n<\/div>\n<h4><\/h4>\n<h4><\/h4>\n<p>&nbsp;<\/p>\n<p>&nbsp;<\/p>\n<p>&nbsp;<\/p>\n<h4><strong>PUST<\/strong><\/h4>\n<p>V leto\u0161njem letu so bile tema skupinske maske, ki smo jo izdelali,\u00a0 \u010debelice. Veseli smo rajali v vrtcu in zunaj njega. Odpeljali smo se tudi v nekatere bli\u017enje vasi, kjer smo zapeli in zaplesali va\u0161\u010danom. Enako kot nam, otrokom, so se ta dan svetile o\u010di tudi starej\u0161im krajanom, ki smo jih obiskali. Kako lepo se zlijejo skupaj ljudje razli\u010dnih starosti v veselju in radosti.<\/p>\n<p>Tralala hopsasa pustne smo \u0161eme. Tralala hopsasa, ni\u010d nismo lene\u2026<\/p>\n<p>&nbsp;<\/p>\n<p>[wzslider]<\/p>\n<hr \/>\n<p>&nbsp;<\/p>\n<p>&nbsp;<\/p>\n<h4>TRADICIONALNI SLOVENSKI ZAJTRK<\/h4>\n<p>V petek, 20.11.2015, smo v na\u0161i \u0161oli in vrtcu Stari trg ob Kolpi, imeli tradicionalni slovenski zajtrk. Tradicionalni zato, ker se projekt Ministrstva za izobra\u017eevanje, znanost in \u0161port izvaja \u017ee vrsto let po vseh slovenskih \u0161olah in vrtcih, slovenski pa zato, ker ga sestavlja hrana, ki je tipi\u010dna za slovenski prostor in je slovenskega izvora. Na na\u0161ih mizah je tako bil ponujen med, kruh iz razli\u010dnih vrst moke (ajdova, pirina, \u010drna), jabolka, maslo, mleko in suho sadje. Z otroci v vrtcu smo se o hrani in\u00a0 pomenu zajtrka pogovarjali \u017ee ves teden, tako da so spoznali, da so med pridelale slovenske \u010debelice in so zanj poskrbeli pridni slovenski \u010debelarji, medtem ko so jabolka, maslo, mleko in moka tudi zrasli doma oziroma so jih pridelale pridne roke slovenskega kmeta. Tako sestavljen zajtrk je zares zdrav in dober. Z njim se ne morejo primerjati drugi zajtrki, katerih sestavine so \u010dokoladni namazi, banane, ki so pripotovale iz drugih de\u017eel, sok iz tetrapaka, hrenovke, pa\u0161tete\u2026 Pri leto\u0161njem zajtrku sta se nam pridru\u017eili tudi \u017eupanja, ga. Mojca \u010cemas Stjepanovi\u010d in ravnateljica ga. Mojca Butala. Slovenski zajtrk je bil slasten in ga bomo tekom leta ve\u010dkrat ponovili. Ga. \u017eupanja je bila zadovoljna in nam je obljubila, da se kmalu spet oglasi pri nas. Pred odhodom smo ji v spomin na sre\u010danje podarili sliko, ki so jo narisali otroci in sve\u010do, katero so izdelali \u010dlani sosednje skupnosti Tav. Zajtrk nas je vse napolnil z obilo energije za delo in ustvarjanje.<\/p>\nngg_shortcode_9_placeholder\n<hr \/>\n<p>&nbsp;<\/p>\n<h4><\/h4>\n<h4>TEDEN OTROKA<\/h4>\n<p>V tednu otroka smo rajali, poslu\u0161ali pravljice, spoznali afri\u0161ko celino, ustvarjali iz jesenskih plodov, pekli kostanj, prehodili\u00a0 pot, na kateri nam je nagajivi \u0161kratek postavljal uganke in pri\u0161li do zaklada.<\/p>\n<p>V okviru spoznavanja Afrike smo pogledali kje na zemeljski obli le\u017ei njeno ozemlje, pogledali razliko med nami in ljudmi, ki tam \u017eivijo, izdelali ro\u010dno lutko \u010drn\u010dka Kabiba, naredili slamnate akri\u0161ke hi\u0161ke, poslu\u0161ali afri\u0161ke pesmi in plesali v ritmu afri\u0161kih bobnov.<\/p>\nngg_shortcode_10_placeholder\n<hr \/>\n<p>&nbsp;<\/p>\n<h4><\/h4>\n<h4>EVROPSKI TEDEN MOBILNOSTI<\/h4>\n<p>V tednu mobilnosti smo se u\u010dili o razli\u010dnih vrstah prometa in prometnih sredstev. Vzpodbujali smo otroke in njihove star\u0161e k prihajanju v \u0161olo pe\u0161. Na ta na\u010din smo jih vzpodbujali k primernemu odnosu do okolja ter ljudi in \u017eivali v njem. Na igri\u0161\u010du smo pripravili poligon, po katerem smo se vozili s skiroji, tricikli in kolesi. Pri vo\u017enji so otroci upo\u0161tevali pravila varne vo\u017enje. Sodelovali smo tudi v ob\u010dinskem projektu Beli zaj\u010dek in narisali svoje najljub\u0161e vozilo. Utrjevali smo tudi pravila varne hoje v koloni in se odpravili na kraj\u0161i pohod do Tr\u0161kega kala in nazaj.<\/p>\nngg_shortcode_11_placeholder\n","protected":false},"excerpt":{"rendered":"<p>ZAKLJU\u010cEK \u00a0VRT\u010cEVSKEGA \u00a0LETA \u00a0 Leto\u0161nje vrt\u010devsko leto se izteka v po\u010ditnice. V vzgojno varstveni enoti Stari trg ob Kolpi smo ga zaklju\u010dili skupaj otroci, star\u0161i, starimi star\u0161i\u00a0in vzgojiteljicami, v prijetnih [&hellip;]<\/p>\n","protected":false},"author":7697,"featured_media":0,"parent":0,"menu_order":2,"comment_status":"closed","ping_status":"closed","template":"","meta":{"ngg_post_thumbnail":0,"footnotes":""},"class_list":["post-635","page","type-page","status-publish","hentry"],"_links":{"self":[{"href":"https:\/\/staritrgobkolpi.splet.arnes.si\/index.php?rest_route=\/wp\/v2\/pages\/635","targetHints":{"allow":["GET"]}}],"collection":[{"href":"https:\/\/staritrgobkolpi.splet.arnes.si\/index.php?rest_route=\/wp\/v2\/pages"}],"about":[{"href":"https:\/\/staritrgobkolpi.splet.arnes.si\/index.php?rest_route=\/wp\/v2\/types\/page"}],"author":[{"embeddable":true,"href":"https:\/\/staritrgobkolpi.splet.arnes.si\/index.php?rest_route=\/wp\/v2\/users\/7697"}],"replies":[{"embeddable":true,"href":"https:\/\/staritrgobkolpi.splet.arnes.si\/index.php?rest_route=%2Fwp%2Fv2%2Fcomments&post=635"}],"version-history":[{"count":47,"href":"https:\/\/staritrgobkolpi.splet.arnes.si\/index.php?rest_route=\/wp\/v2\/pages\/635\/revisions"}],"predecessor-version":[{"id":2447,"href":"https:\/\/staritrgobkolpi.splet.arnes.si\/index.php?rest_route=\/wp\/v2\/pages\/635\/revisions\/2447"}],"wp:attachment":[{"href":"https:\/\/staritrgobkolpi.splet.arnes.si\/index.php?rest_route=%2Fwp%2Fv2%2Fmedia&parent=635"}],"curies":[{"name":"wp","href":"https:\/\/api.w.org\/{rel}","templated":true}]}}